{"version":"1.0","provider_name":"Toamn\u0103 la Vorone\u021b","provider_url":"https:\/\/www.toamnalavoronet.ro\/en","author_name":"toamnalavoronet","author_url":"https:\/\/www.toamnalavoronet.ro\/en\/author\/toamnalavoronet\/","title":"Florin Andreescu - Toamn\u0103 la Vorone\u021b","type":"rich","width":600,"height":338,"html":"<blockquote class=\"wp-embedded-content\" data-secret=\"nxT8Yyh98S\"><a href=\"https:\/\/www.toamnalavoronet.ro\/en\/testimonial\/florin-andreescu\/\">Florin Andreescu<\/a><\/blockquote><iframe sandbox=\"allow-scripts\" security=\"restricted\" src=\"https:\/\/www.toamnalavoronet.ro\/en\/testimonial\/florin-andreescu\/embed\/#?secret=nxT8Yyh98S\" width=\"600\" height=\"338\" title=\"&#8220;Florin Andreescu&#8221; &#8212; Toamn\u0103 la Vorone\u021b\" data-secret=\"nxT8Yyh98S\" frameborder=\"0\" marginwidth=\"0\" marginheight=\"0\" scrolling=\"no\" class=\"wp-embedded-content\"><\/iframe><script type=\"text\/javascript\">\n\/*! This file is auto-generated *\/\n!function(c,d){\"use strict\";var e=!1,o=!1;if(d.querySelector)if(c.addEventListener)e=!0;if(c.wp=c.wp||{},c.wp.receiveEmbedMessage);else if(c.wp.receiveEmbedMessage=function(e){var t=e.data;if(!t);else if(!(t.secret||t.message||t.value));else if(\/[^a-zA-Z0-9]\/.test(t.secret));else{for(var r,s,a,i=d.querySelectorAll('iframe[data-secret=\"'+t.secret+'\"]'),n=d.querySelectorAll('blockquote[data-secret=\"'+t.secret+'\"]'),o=new RegExp(\"^https?:$\",\"i\"),l=0;l<n.length;l++)n[l].style.display=\"none\";for(l=0;l<i.length;l++)if(r=i[l],e.source!==r.contentWindow);else{if(r.removeAttribute(\"style\"),\"height\"===t.message){if(1e3<(s=parseInt(t.value,10)))s=1e3;else if(~~s<200)s=200;r.height=s}if(\"link\"===t.message)if(s=d.createElement(\"a\"),a=d.createElement(\"a\"),s.href=r.getAttribute(\"src\"),a.href=t.value,!o.test(a.protocol));else if(a.host===s.host)if(d.activeElement===r)c.top.location.href=t.value}}},e)c.addEventListener(\"message\",c.wp.receiveEmbedMessage,!1),d.addEventListener(\"DOMContentLoaded\",t,!1),c.addEventListener(\"load\",t,!1);function t(){if(o);else{o=!0;for(var e,t,r,s=-1!==navigator.appVersion.indexOf(\"MSIE 10\"),a=!!navigator.userAgent.match(\/Trident.*rv:11\\.\/),i=d.querySelectorAll(\"iframe.wp-embedded-content\"),n=0;n<i.length;n++){if(!(r=(t=i[n]).getAttribute(\"data-secret\")))r=Math.random().toString(36).substr(2,10),t.src+=\"#?secret=\"+r,t.setAttribute(\"data-secret\",r);if(s||a)(e=t.cloneNode(!0)).removeAttribute(\"security\"),t.parentNode.replaceChild(e,t);t.contentWindow.postMessage({message:\"ready\",secret:r},\"*\")}}}}(window,document);\n<\/script>\n","thumbnail_url":"https:\/\/www.toamnalavoronet.ro\/wp-content\/uploads\/2020\/09\/Florin-Andreescu.jpg","thumbnail_width":600,"thumbnail_height":600,"description":"Am ajuns prima oara la Toamn\u0103 la Vorone\u021b \u00een 1986. Eram student. Dincolo de reu\u0219itele personale, participarea la acest festival mi-a dat ocazia s\u0103 \u00eent\u00e2lnesc tineri de v\u00e2rsta mea pasiona\u021bi de fotografie, diaporam\u0103 \u0219i film. Am legat prietenii trainice care, surprinz\u0103tor, mai d\u0103inuie \u0219i ast\u0103zi. Am \u00een memorie lungile nop\u021bi de la Arini\u0219 \u00een care &hellip; Read More"}