{"id":10622,"date":"2020-09-15T09:54:03","date_gmt":"2020-09-15T09:54:03","guid":{"rendered":"http:\/\/www.toamnalavoronet.ro\/?page_id=10622"},"modified":"2020-09-15T10:35:34","modified_gmt":"2020-09-15T10:35:34","slug":"premii-2009","status":"publish","type":"page","link":"https:\/\/www.toamnalavoronet.ro\/en\/editii\/editia-29-2009\/premii-2009\/","title":{"rendered":"Premii 2009"},"content":{"rendered":"PREMII ACORDATE<\/p>\n<h3>FILM DOCUMENTAR<\/h3>\n<p>MARELE PREMIU \u015eI TROFEUL \u201eTOAMNA LA VORONE\u0162\u201d- 1000 euro<br \/>\n\u201eChicu\u015furi\u201d, regia Corneliu C\u00e2rdeiu, imaginea Bogdan Andri\u015fan, R\u0103d\u0103u\u0163i<\/p>\n<p>SEC\u0162IUNEA FILM DOCUMENTAR DE SCURT \u015eI MEDIU METRAJ<\/p>\n<p>1. Premiul pentru cel mai bun film documentar \u2013 500 euro<br \/>\n\u201eZavaidoc\u201d, regia Clara M\u0103rgineanu, imaginea Florin Miricioiu, Bucure\u015fti<\/p>\n<p>2. Premiul pentru regie \u2013 300 euro<br \/>\n\u201eDA&#8217; LAS \u2026nostalgia\u201d, regia Mihai Vulpe \u015fi Dumitru C\u0103lug\u0103ru, Tg.Jiu<\/p>\n<p>3. Premiul pentru imagine \u2013 300 euro<br \/>\n\u201eMaestru lutier si atelierul fermecat\u201d, imaginea Mihai P\u0103tra\u015fcu<\/p>\n<p>4. Premiul Prim\u0103riei ora\u015fului Gura Humorului \u2013 100 euro<br \/>\n\u201eBac\u0103ul de alt\u0103 dat\u0103\u201d, regia \u015fi imaginea Vladimir Lucave\u0163chi \u015fi Eugen Grigore, Bac\u0103u<\/p>\n<p>5. Premiul Juriului \u2013 100 euro<br \/>\n\u201eParalele inegale\u201d, regia Sorin Matei, imaginea Andrei G\u00e2\u0163u, Tengueros Media Company, Bucure\u015fti<\/p>\n<p>6. Premiul MDV post-produc\u0163ie, neremunerat\u0103<br \/>\n\u201eFlow\u201d, regia Oana \u015euteu Khintirian, Canada<\/p>\n<h3>SEC\u0162IUNEA FILM DOCUMENTAR STUDEN\u0162ESC<\/h3>\n<p>1. Premiul pentru cel mai bun film documentar \u2013 300 euro<br \/>\n\u201eFilmele mele nef\u0103cute\u201d, regia Eve Pervolovici, imaginea Vlad Filimon UNATC Bucure\u015fti<\/p>\n<p>2. Premiul pentru regie \u2013 200 euro<br \/>\n\u201eKopanarii\u201d, regia, Daniela Apostol, Universitatea Media Bucure\u015fti<\/p>\n<p>3. Premiul pentru imagine \u2013 200 euro<br \/>\n\u201eSihastrul\u201d, imaginea Casian Dumitra\u015f, Universitatea Media Bucure\u015fti<\/p>\n<h3>DIAPORAMA<\/h3>\n<p>PREMIUL I \u2013 800 LEI<br \/>\n\u201eUltima Corind\u0103\u201d, Cineclubul \u201eReflexe\u201d din Z\u0103ne\u015fti, Neam\u0163<\/p>\n<p>PREMIUL II \u2013 500 lei<br \/>\n\u201eTraversarea\u201d, autor Dr. Perenyi Janos, Ungaria<\/p>\n<p>PREMIUL III \u2013 400 lei<br \/>\n\u201e\u00centrebarea\u201d, autor Cristian Tzecu, Timi\u015foara<\/p>\n<p>PREMIUL SPECIAL \u201eIN MEMORIAM LIVIU MACOVEI acordat de dl. Gheorghit\u0103 Macovei<br \/>\n\u201eMagazinul cu pietre&#8221;, autor Gheorghe Mihai, Ploie\u015fti","protected":false},"excerpt":{"rendered":"<p>PREMII ACORDATE FILM DOCUMENTAR MARELE PREMIU \u015eI TROFEUL \u201eTOAMNA LA VORONE\u0162\u201d- 1000 euro \u201eChicu\u015furi\u201d, regia Corneliu C\u00e2rdeiu, imaginea Bogdan Andri\u015fan, R\u0103d\u0103u\u0163i SEC\u0162IUNEA FILM DOCUMENTAR DE SCURT \u015eI MEDIU METRAJ 1. Premiul pentru cel mai bun film documentar \u2013 500 euro \u201eZavaidoc\u201d, regia Clara M\u0103rgineanu, imaginea Florin Miricioiu, Bucure\u015fti 2. Premiul pentru regie \u2013 300 euro &hellip; <a href=\"https:\/\/www.toamnalavoronet.ro\/en\/editii\/editia-29-2009\/premii-2009\/\" class=\"excerpt-link\">Read More<\/a><\/p>\n","protected":false},"author":2,"featured_media":0,"parent":10620,"menu_order":0,"comment_status":"closed","ping_status":"closed","template":"","meta":{"ngg_post_thumbnail":0},"yoast_head":"<!-- This site is optimized with the Yoast SEO plugin v21.3 - https:\/\/yoast.com\/wordpress\/plugins\/seo\/ -->\n<title>Premii 2009 - Toamn\u0103 la Vorone\u021b<\/title>\n<meta name=\"robots\" content=\"index, follow, max-snippet:-1, max-image-preview:large, max-video-preview:-1\" \/>\n<link rel=\"canonical\" href=\"https:\/\/www.toamnalavoronet.ro\/editii\/editia-29-2009\/premii-2009\/\" \/>\n<meta property=\"og:locale\" content=\"en_US\" \/>\n<meta property=\"og:type\" content=\"article\" \/>\n<meta property=\"og:title\" content=\"Premii 2009 - Toamn\u0103 la Vorone\u021b\" \/>\n<meta property=\"og:description\" content=\"PREMII ACORDATE FILM DOCUMENTAR MARELE PREMIU \u015eI TROFEUL \u201eTOAMNA LA VORONE\u0162\u201d- 1000 euro \u201eChicu\u015furi\u201d, regia Corneliu C\u00e2rdeiu, imaginea Bogdan Andri\u015fan, R\u0103d\u0103u\u0163i SEC\u0162IUNEA FILM DOCUMENTAR DE SCURT \u015eI MEDIU METRAJ 1. Premiul pentru cel mai bun film documentar \u2013 500 euro \u201eZavaidoc\u201d, regia Clara M\u0103rgineanu, imaginea Florin Miricioiu, Bucure\u015fti 2. Premiul pentru regie \u2013 300 euro &hellip; Read More\" \/>\n<meta property=\"og:url\" content=\"https:\/\/www.toamnalavoronet.ro\/editii\/editia-29-2009\/premii-2009\/\" \/>\n<meta property=\"og:site_name\" content=\"Toamn\u0103 la Vorone\u021b\" \/>\n<meta property=\"article:publisher\" content=\"https:\/\/www.facebook.com\/culturahumor.ro\/\" \/>\n<meta property=\"article:modified_time\" content=\"2020-09-15T10:35:34+00:00\" \/>\n<meta name=\"twitter:card\" content=\"summary_large_image\" \/>\n<meta name=\"twitter:label1\" content=\"Est. reading time\" \/>\n\t<meta name=\"twitter:data1\" content=\"2 minutes\" \/>\n<script type=\"application\/ld+json\" class=\"yoast-schema-graph\">{\"@context\":\"https:\/\/schema.org\",\"@graph\":[{\"@type\":\"WebPage\",\"@id\":\"https:\/\/www.toamnalavoronet.ro\/editii\/editia-29-2009\/premii-2009\/\",\"url\":\"https:\/\/www.toamnalavoronet.ro\/editii\/editia-29-2009\/premii-2009\/\",\"name\":\"Premii 2009 - Toamn\u0103 la Vorone\u021b\",\"isPartOf\":{\"@id\":\"https:\/\/www.toamnalavoronet.ro\/#website\"},\"datePublished\":\"2020-09-15T09:54:03+00:00\",\"dateModified\":\"2020-09-15T10:35:34+00:00\",\"breadcrumb\":{\"@id\":\"https:\/\/www.toamnalavoronet.ro\/editii\/editia-29-2009\/premii-2009\/#breadcrumb\"},\"inLanguage\":\"en-US\",\"potentialAction\":[{\"@type\":\"ReadAction\",\"target\":[\"https:\/\/www.toamnalavoronet.ro\/editii\/editia-29-2009\/premii-2009\/\"]}]},{\"@type\":\"BreadcrumbList\",\"@id\":\"https:\/\/www.toamnalavoronet.ro\/editii\/editia-29-2009\/premii-2009\/#breadcrumb\",\"itemListElement\":[{\"@type\":\"ListItem\",\"position\":1,\"name\":\"Prima pagin\u0103\",\"item\":\"https:\/\/www.toamnalavoronet.ro\/\"},{\"@type\":\"ListItem\",\"position\":2,\"name\":\"Editii Toamn\u0103 la Vorone\u021b\",\"item\":\"https:\/\/www.toamnalavoronet.ro\/editii\/\"},{\"@type\":\"ListItem\",\"position\":3,\"name\":\"Editia 29 &#8211; 2009\",\"item\":\"https:\/\/www.toamnalavoronet.ro\/editii\/editia-29-2009\/\"},{\"@type\":\"ListItem\",\"position\":4,\"name\":\"Premii 2009\"}]},{\"@type\":\"WebSite\",\"@id\":\"https:\/\/www.toamnalavoronet.ro\/#website\",\"url\":\"https:\/\/www.toamnalavoronet.ro\/\",\"name\":\"Toamn\u0103 la Vorone\u021b\",\"description\":\"The  International  Film  Festival \u201cAutumn in Voronet\u201d\",\"publisher\":{\"@id\":\"https:\/\/www.toamnalavoronet.ro\/#organization\"},\"potentialAction\":[{\"@type\":\"SearchAction\",\"target\":{\"@type\":\"EntryPoint\",\"urlTemplate\":\"https:\/\/www.toamnalavoronet.ro\/?s={search_term_string}\"},\"query-input\":\"required name=search_term_string\"}],\"inLanguage\":\"en-US\"},{\"@type\":\"Organization\",\"@id\":\"https:\/\/www.toamnalavoronet.ro\/#organization\",\"name\":\"Toamn\u0103 la Vorone\u021b - Festivalul Interna\u021bional de Film, Diaporam\u0103 \u0219i Fotografie\",\"url\":\"https:\/\/www.toamnalavoronet.ro\/\",\"logo\":{\"@type\":\"ImageObject\",\"inLanguage\":\"en-US\",\"@id\":\"https:\/\/www.toamnalavoronet.ro\/#\/schema\/logo\/image\/\",\"url\":\"https:\/\/www.toamnalavoronet.ro\/wp-content\/uploads\/2020\/07\/icon.jpg\",\"contentUrl\":\"https:\/\/www.toamnalavoronet.ro\/wp-content\/uploads\/2020\/07\/icon.jpg\",\"width\":100,\"height\":100,\"caption\":\"Toamn\u0103 la Vorone\u021b - Festivalul Interna\u021bional de Film, Diaporam\u0103 \u0219i Fotografie\"},\"image\":{\"@id\":\"https:\/\/www.toamnalavoronet.ro\/#\/schema\/logo\/image\/\"},\"sameAs\":[\"https:\/\/www.facebook.com\/culturahumor.ro\/\",\"https:\/\/www.youtube.com\/channel\/UCLJxDrTSePhKryOJXju3cYQ\"]}]}<\/script>\n<!-- \/ Yoast SEO plugin. -->","yoast_head_json":{"title":"Premii 2009 - Toamn\u0103 la Vorone\u021b","robots":{"index":"index","follow":"follow","max-snippet":"max-snippet:-1","max-image-preview":"max-image-preview:large","max-video-preview":"max-video-preview:-1"},"canonical":"https:\/\/www.toamnalavoronet.ro\/editii\/editia-29-2009\/premii-2009\/","og_locale":"en_US","og_type":"article","og_title":"Premii 2009 - Toamn\u0103 la Vorone\u021b","og_description":"PREMII ACORDATE FILM DOCUMENTAR MARELE PREMIU \u015eI TROFEUL \u201eTOAMNA LA VORONE\u0162\u201d- 1000 euro \u201eChicu\u015furi\u201d, regia Corneliu C\u00e2rdeiu, imaginea Bogdan Andri\u015fan, R\u0103d\u0103u\u0163i SEC\u0162IUNEA FILM DOCUMENTAR DE SCURT \u015eI MEDIU METRAJ 1. Premiul pentru cel mai bun film documentar \u2013 500 euro \u201eZavaidoc\u201d, regia Clara M\u0103rgineanu, imaginea Florin Miricioiu, Bucure\u015fti 2. Premiul pentru regie \u2013 300 euro &hellip; Read More","og_url":"https:\/\/www.toamnalavoronet.ro\/editii\/editia-29-2009\/premii-2009\/","og_site_name":"Toamn\u0103 la Vorone\u021b","article_publisher":"https:\/\/www.facebook.com\/culturahumor.ro\/","article_modified_time":"2020-09-15T10:35:34+00:00","twitter_card":"summary_large_image","twitter_misc":{"Est. reading time":"2 minutes"},"schema":{"@context":"https:\/\/schema.org","@graph":[{"@type":"WebPage","@id":"https:\/\/www.toamnalavoronet.ro\/editii\/editia-29-2009\/premii-2009\/","url":"https:\/\/www.toamnalavoronet.ro\/editii\/editia-29-2009\/premii-2009\/","name":"Premii 2009 - Toamn\u0103 la Vorone\u021b","isPartOf":{"@id":"https:\/\/www.toamnalavoronet.ro\/#website"},"datePublished":"2020-09-15T09:54:03+00:00","dateModified":"2020-09-15T10:35:34+00:00","breadcrumb":{"@id":"https:\/\/www.toamnalavoronet.ro\/editii\/editia-29-2009\/premii-2009\/#breadcrumb"},"inLanguage":"en-US","potentialAction":[{"@type":"ReadAction","target":["https:\/\/www.toamnalavoronet.ro\/editii\/editia-29-2009\/premii-2009\/"]}]},{"@type":"BreadcrumbList","@id":"https:\/\/www.toamnalavoronet.ro\/editii\/editia-29-2009\/premii-2009\/#breadcrumb","itemListElement":[{"@type":"ListItem","position":1,"name":"Prima pagin\u0103","item":"https:\/\/www.toamnalavoronet.ro\/"},{"@type":"ListItem","position":2,"name":"Editii Toamn\u0103 la Vorone\u021b","item":"https:\/\/www.toamnalavoronet.ro\/editii\/"},{"@type":"ListItem","position":3,"name":"Editia 29 &#8211; 2009","item":"https:\/\/www.toamnalavoronet.ro\/editii\/editia-29-2009\/"},{"@type":"ListItem","position":4,"name":"Premii 2009"}]},{"@type":"WebSite","@id":"https:\/\/www.toamnalavoronet.ro\/#website","url":"https:\/\/www.toamnalavoronet.ro\/","name":"Toamn\u0103 la Vorone\u021b","description":"The  International  Film  Festival \u201cAutumn in Voronet\u201d","publisher":{"@id":"https:\/\/www.toamnalavoronet.ro\/#organization"},"potentialAction":[{"@type":"SearchAction","target":{"@type":"EntryPoint","urlTemplate":"https:\/\/www.toamnalavoronet.ro\/?s={search_term_string}"},"query-input":"required name=search_term_string"}],"inLanguage":"en-US"},{"@type":"Organization","@id":"https:\/\/www.toamnalavoronet.ro\/#organization","name":"Toamn\u0103 la Vorone\u021b - Festivalul Interna\u021bional de Film, Diaporam\u0103 \u0219i Fotografie","url":"https:\/\/www.toamnalavoronet.ro\/","logo":{"@type":"ImageObject","inLanguage":"en-US","@id":"https:\/\/www.toamnalavoronet.ro\/#\/schema\/logo\/image\/","url":"https:\/\/www.toamnalavoronet.ro\/wp-content\/uploads\/2020\/07\/icon.jpg","contentUrl":"https:\/\/www.toamnalavoronet.ro\/wp-content\/uploads\/2020\/07\/icon.jpg","width":100,"height":100,"caption":"Toamn\u0103 la Vorone\u021b - Festivalul Interna\u021bional de Film, Diaporam\u0103 \u0219i Fotografie"},"image":{"@id":"https:\/\/www.toamnalavoronet.ro\/#\/schema\/logo\/image\/"},"sameAs":["https:\/\/www.facebook.com\/culturahumor.ro\/","https:\/\/www.youtube.com\/channel\/UCLJxDrTSePhKryOJXju3cYQ"]}]}},"_links":{"self":[{"href":"https:\/\/www.toamnalavoronet.ro\/en\/wp-json\/wp\/v2\/pages\/10622"}],"collection":[{"href":"https:\/\/www.toamnalavoronet.ro\/en\/wp-json\/wp\/v2\/pages"}],"about":[{"href":"https:\/\/www.toamnalavoronet.ro\/en\/wp-json\/wp\/v2\/types\/page"}],"author":[{"embeddable":true,"href":"https:\/\/www.toamnalavoronet.ro\/en\/wp-json\/wp\/v2\/users\/2"}],"replies":[{"embeddable":true,"href":"https:\/\/www.toamnalavoronet.ro\/en\/wp-json\/wp\/v2\/comments?post=10622"}],"version-history":[{"count":4,"href":"https:\/\/www.toamnalavoronet.ro\/en\/wp-json\/wp\/v2\/pages\/10622\/revisions"}],"predecessor-version":[{"id":10659,"href":"https:\/\/www.toamnalavoronet.ro\/en\/wp-json\/wp\/v2\/pages\/10622\/revisions\/10659"}],"up":[{"embeddable":true,"href":"https:\/\/www.toamnalavoronet.ro\/en\/wp-json\/wp\/v2\/pages\/10620"}],"wp:attachment":[{"href":"https:\/\/www.toamnalavoronet.ro\/en\/wp-json\/wp\/v2\/media?parent=10622"}],"curies":[{"name":"wp","href":"https:\/\/api.w.org\/{rel}","templated":true}]}}