{"id":7913,"date":"2014-11-27T12:21:38","date_gmt":"2014-11-27T12:21:38","guid":{"rendered":"http:\/\/anarieldesign.com\/themedemos\/demo\/?page_id=7913"},"modified":"2021-05-20T11:13:46","modified_gmt":"2021-05-20T11:13:46","slug":"impresii-despre-festival","status":"publish","type":"page","link":"https:\/\/www.toamnalavoronet.ro\/en\/impresii-despre-festival\/","title":{"rendered":"Testimonials"},"content":{"rendered":"<p style=\"text-align: center;\">Discover what prominent personalities from the Festival say. <\/p>\n<div class=\"strong-view strong-view-id-1 modern wpmtst-modern\" data-count=4><div class=\"strong-content strong-columns columns-2\"><div class=\"wpmtst-testimonial testimonial excerpt post-9900\"><div class=\"wpmtst-testimonial-inner testimonial-inner\"><div   class=\"wpmtst-testimonial-content  testimonial-content\"><h3 class=\"wpmtst-testimonial-heading testimonial-heading\">Marcela Butnaru<\/h3><p>Festivalul Toamn\u0103 la Voronet a fost oportunitatea noastr\u0103 de a incerca, folosindu-ne de mijloacele artistice ale diaporamei, s\u0103 facem o lume mai bun\u0103, mai frumoas\u0103. Astfel, \u00eembin\u00eend \u00een mod armonios sunetul cu imaginea, am transmis c\u0103tre semenii no\u015ftri dorin\u0163a de libertate \u00een gindire \u015fi exprimare \u015fi am avut satisfactia mesajului care ajunge la spectator. In&hellip; <a href=\"https:\/\/www.toamnalavoronet.ro\/en\/testimonial\/marcela-butnaru\/\" class=\"readmore\">Citeste mai mult<span class=\"screen-reader-text\"> &#8220;Marcela Butnaru&#8221;<\/span><\/a><\/p><\/div><div class=\"wpmtst-testimonial-image testimonial-image\"><img width=\"200\" height=\"200\" src=\"https:\/\/www.toamnalavoronet.ro\/wp-content\/uploads\/2020\/09\/Marcela-Butnaru-250x250.jpg\" class=\"attachment-200x200 size-200x200 wp-post-image\" alt=\"\" decoding=\"async\" loading=\"lazy\" srcset=\"https:\/\/www.toamnalavoronet.ro\/wp-content\/uploads\/2020\/09\/Marcela-Butnaru-250x250.jpg 250w, https:\/\/www.toamnalavoronet.ro\/wp-content\/uploads\/2020\/09\/Marcela-Butnaru-300x300.jpg 300w, https:\/\/www.toamnalavoronet.ro\/wp-content\/uploads\/2020\/09\/Marcela-Butnaru-150x150.jpg 150w, https:\/\/www.toamnalavoronet.ro\/wp-content\/uploads\/2020\/09\/Marcela-Butnaru-75x75.jpg 75w, https:\/\/www.toamnalavoronet.ro\/wp-content\/uploads\/2020\/09\/Marcela-Butnaru-400x400.jpg 400w, https:\/\/www.toamnalavoronet.ro\/wp-content\/uploads\/2020\/09\/Marcela-Butnaru.jpg 533w\" sizes=\"(max-width: 200px) 100vw, 200px\" \/><\/div><div class=\"clear\"><\/div><\/div><\/div><div class=\"wpmtst-testimonial testimonial excerpt post-10434\"><div class=\"wpmtst-testimonial-inner testimonial-inner\"><div   class=\"wpmtst-testimonial-content  testimonial-content\"><h3 class=\"wpmtst-testimonial-heading testimonial-heading\">Dana Duma<\/h3><p>Pentru cei mai mul\u0163i, Gura Homorului \u00eenseamn\u0103 \u00een primul r\u00e2nd frumuse\u0163ea peisajului \u015fi magia Vorone\u0163ului. Pentru mine \u00eenseamn\u0103 \u00een primul r\u00e2nd frumuse\u0163ea unor oameni. \u00cen urm\u0103 cu mai bine de trei decenii veneam pentru prima oar\u0103 la acest festival, care a r\u0103mas pe harta cu prieteni. Cuplul Emil-Marcela Butnaru a transformat, la \u00eenceputurile Toamnei la&hellip; <a href=\"https:\/\/www.toamnalavoronet.ro\/en\/testimonial\/dana-duma\/\" class=\"readmore\">Citeste mai mult<span class=\"screen-reader-text\"> &#8220;Dana Duma&#8221;<\/span><\/a><\/p><\/div><div class=\"wpmtst-testimonial-image testimonial-image\"><img width=\"200\" height=\"190\" src=\"https:\/\/www.toamnalavoronet.ro\/wp-content\/uploads\/2020\/09\/Dana-Duma.jpg\" class=\"attachment-200x200 size-200x200 wp-post-image\" alt=\"\" decoding=\"async\" loading=\"lazy\" \/><\/div><div class=\"clear\"><\/div><\/div><\/div><div class=\"wpmtst-testimonial testimonial excerpt post-9904\"><div class=\"wpmtst-testimonial-inner testimonial-inner\"><div   class=\"wpmtst-testimonial-content  testimonial-content\"><h3 class=\"wpmtst-testimonial-heading testimonial-heading\">Laurentiu Damian<\/h3><p>Totul a pornit de la o idee! :\u0218i de la pasiunea unui om: Emil Butnaru. Adic\u0103: se incepe cu o fotografie, apoi cu mai multe, ele vor fi \u00eenl\u0103n\u021buite, vor deveni cadre dintr-un film, un poem cinematografic, apoi un eseu, fiindc\u0103 imaginile nu vor fi doar cadre picturale ci vor avea \u0219i o semnifica\u021bie \u0219i&hellip; <a href=\"https:\/\/www.toamnalavoronet.ro\/en\/testimonial\/damian-laurentiu\/\" class=\"readmore\">Citeste mai mult<span class=\"screen-reader-text\"> &#8220;Laurentiu Damian&#8221;<\/span><\/a><\/p><\/div><div class=\"wpmtst-testimonial-image testimonial-image\"><img width=\"200\" height=\"200\" src=\"https:\/\/www.toamnalavoronet.ro\/wp-content\/uploads\/2020\/09\/Damian-Laurentiu-250x250.jpg\" class=\"attachment-200x200 size-200x200 wp-post-image\" alt=\"\" decoding=\"async\" loading=\"lazy\" srcset=\"https:\/\/www.toamnalavoronet.ro\/wp-content\/uploads\/2020\/09\/Damian-Laurentiu-250x250.jpg 250w, https:\/\/www.toamnalavoronet.ro\/wp-content\/uploads\/2020\/09\/Damian-Laurentiu-300x300.jpg 300w, https:\/\/www.toamnalavoronet.ro\/wp-content\/uploads\/2020\/09\/Damian-Laurentiu-150x150.jpg 150w, https:\/\/www.toamnalavoronet.ro\/wp-content\/uploads\/2020\/09\/Damian-Laurentiu-75x75.jpg 75w, https:\/\/www.toamnalavoronet.ro\/wp-content\/uploads\/2020\/09\/Damian-Laurentiu-400x400.jpg 400w, https:\/\/www.toamnalavoronet.ro\/wp-content\/uploads\/2020\/09\/Damian-Laurentiu.jpg 575w\" sizes=\"(max-width: 200px) 100vw, 200px\" \/><\/div><div class=\"clear\"><\/div><\/div><\/div><div class=\"wpmtst-testimonial testimonial excerpt post-9902\"><div class=\"wpmtst-testimonial-inner testimonial-inner\"><div   class=\"wpmtst-testimonial-content  testimonial-content\"><h3 class=\"wpmtst-testimonial-heading testimonial-heading\">Florin Andreescu<\/h3><p>Am ajuns prima oara la Toamn\u0103 la Vorone\u021b \u00een 1986. Eram student. Dincolo de reu\u0219itele personale, participarea la acest festival mi-a dat ocazia s\u0103 \u00eent\u00e2lnesc tineri de v\u00e2rsta mea pasiona\u021bi de fotografie, diaporam\u0103 \u0219i film. Am legat prietenii trainice care, surprinz\u0103tor, mai d\u0103inuie \u0219i ast\u0103zi. Am \u00een memorie lungile nop\u021bi de la Arini\u0219 \u00een care&hellip; <a href=\"https:\/\/www.toamnalavoronet.ro\/en\/testimonial\/florin-andreescu\/\" class=\"readmore\">Citeste mai mult<span class=\"screen-reader-text\"> &#8220;Florin Andreescu&#8221;<\/span><\/a><\/p><\/div><div class=\"wpmtst-testimonial-image testimonial-image\"><img width=\"200\" height=\"200\" src=\"https:\/\/www.toamnalavoronet.ro\/wp-content\/uploads\/2020\/09\/Florin-Andreescu-250x250.jpg\" class=\"attachment-200x200 size-200x200 wp-post-image\" alt=\"\" decoding=\"async\" loading=\"lazy\" srcset=\"https:\/\/www.toamnalavoronet.ro\/wp-content\/uploads\/2020\/09\/Florin-Andreescu-250x250.jpg 250w, https:\/\/www.toamnalavoronet.ro\/wp-content\/uploads\/2020\/09\/Florin-Andreescu-300x300.jpg 300w, https:\/\/www.toamnalavoronet.ro\/wp-content\/uploads\/2020\/09\/Florin-Andreescu-150x150.jpg 150w, https:\/\/www.toamnalavoronet.ro\/wp-content\/uploads\/2020\/09\/Florin-Andreescu-75x75.jpg 75w, https:\/\/www.toamnalavoronet.ro\/wp-content\/uploads\/2020\/09\/Florin-Andreescu-400x400.jpg 400w, https:\/\/www.toamnalavoronet.ro\/wp-content\/uploads\/2020\/09\/Florin-Andreescu.jpg 600w\" sizes=\"(max-width: 200px) 100vw, 200px\" \/><\/div><div class=\"clear\"><\/div><\/div><\/div><\/div><\/div>","protected":false},"excerpt":{"rendered":"<p>Discover what prominent personalities from the Festival say.<\/p>\n","protected":false},"author":2,"featured_media":9840,"parent":0,"menu_order":0,"comment_status":"closed","ping_status":"closed","template":"page-templates\/full-width.php","meta":{"ngg_post_thumbnail":0},"yoast_head":"<!-- This site is optimized with the Yoast SEO plugin v21.3 - https:\/\/yoast.com\/wordpress\/plugins\/seo\/ -->\n<title>Testimonials - Toamn\u0103 la Vorone\u021b<\/title>\n<meta name=\"robots\" content=\"index, follow, max-snippet:-1, max-image-preview:large, max-video-preview:-1\" \/>\n<link rel=\"canonical\" href=\"https:\/\/www.toamnalavoronet.ro\/impresii-despre-festival\/\" \/>\n<meta property=\"og:locale\" content=\"en_US\" \/>\n<meta property=\"og:type\" content=\"article\" \/>\n<meta property=\"og:title\" content=\"Impresii despre festival\" \/>\n<meta property=\"og:description\" content=\"Descoper\u0103 ce spun personalit\u0103\u021bi marcante din lumea festivalului Umor la Gura Humorului\" \/>\n<meta property=\"og:url\" content=\"https:\/\/www.toamnalavoronet.ro\/impresii-despre-festival\/\" \/>\n<meta property=\"og:site_name\" content=\"Toamn\u0103 la Vorone\u021b\" \/>\n<meta property=\"article:publisher\" content=\"https:\/\/www.facebook.com\/culturahumor.ro\/\" \/>\n<meta property=\"article:modified_time\" content=\"2021-05-20T11:13:46+00:00\" \/>\n<meta name=\"twitter:card\" content=\"summary_large_image\" \/>\n<meta name=\"twitter:image\" content=\"https:\/\/www.toamnalavoronet.ro\/wp-content\/uploads\/2020\/09\/caseta_impresii.jpg\" \/>\n<script type=\"application\/ld+json\" class=\"yoast-schema-graph\">{\"@context\":\"https:\/\/schema.org\",\"@graph\":[{\"@type\":\"WebPage\",\"@id\":\"https:\/\/www.toamnalavoronet.ro\/impresii-despre-festival\/\",\"url\":\"https:\/\/www.toamnalavoronet.ro\/impresii-despre-festival\/\",\"name\":\"[:ro]Impresii despre festival[:en]Testimonials[:] - Toamn\u0103 la Vorone\u021b\",\"isPartOf\":{\"@id\":\"https:\/\/www.toamnalavoronet.ro\/#website\"},\"datePublished\":\"2014-11-27T12:21:38+00:00\",\"dateModified\":\"2021-05-20T11:13:46+00:00\",\"breadcrumb\":{\"@id\":\"https:\/\/www.toamnalavoronet.ro\/impresii-despre-festival\/#breadcrumb\"},\"inLanguage\":\"en-US\",\"potentialAction\":[{\"@type\":\"ReadAction\",\"target\":[\"https:\/\/www.toamnalavoronet.ro\/impresii-despre-festival\/\"]}]},{\"@type\":\"BreadcrumbList\",\"@id\":\"https:\/\/www.toamnalavoronet.ro\/impresii-despre-festival\/#breadcrumb\",\"itemListElement\":[{\"@type\":\"ListItem\",\"position\":1,\"name\":\"Prima pagin\u0103\",\"item\":\"https:\/\/www.toamnalavoronet.ro\/\"},{\"@type\":\"ListItem\",\"position\":2,\"name\":\"Impresii despre festival\"}]},{\"@type\":\"WebSite\",\"@id\":\"https:\/\/www.toamnalavoronet.ro\/#website\",\"url\":\"https:\/\/www.toamnalavoronet.ro\/\",\"name\":\"Toamn\u0103 la Vorone\u021b\",\"description\":\"The  International  Film  Festival \u201cAutumn in Voronet\u201d\",\"publisher\":{\"@id\":\"https:\/\/www.toamnalavoronet.ro\/#organization\"},\"potentialAction\":[{\"@type\":\"SearchAction\",\"target\":{\"@type\":\"EntryPoint\",\"urlTemplate\":\"https:\/\/www.toamnalavoronet.ro\/?s={search_term_string}\"},\"query-input\":\"required name=search_term_string\"}],\"inLanguage\":\"en-US\"},{\"@type\":\"Organization\",\"@id\":\"https:\/\/www.toamnalavoronet.ro\/#organization\",\"name\":\"Toamn\u0103 la Vorone\u021b - Festivalul Interna\u021bional de Film, Diaporam\u0103 \u0219i Fotografie\",\"url\":\"https:\/\/www.toamnalavoronet.ro\/\",\"logo\":{\"@type\":\"ImageObject\",\"inLanguage\":\"en-US\",\"@id\":\"https:\/\/www.toamnalavoronet.ro\/#\/schema\/logo\/image\/\",\"url\":\"https:\/\/www.toamnalavoronet.ro\/wp-content\/uploads\/2020\/07\/icon.jpg\",\"contentUrl\":\"https:\/\/www.toamnalavoronet.ro\/wp-content\/uploads\/2020\/07\/icon.jpg\",\"width\":100,\"height\":100,\"caption\":\"Toamn\u0103 la Vorone\u021b - Festivalul Interna\u021bional de Film, Diaporam\u0103 \u0219i Fotografie\"},\"image\":{\"@id\":\"https:\/\/www.toamnalavoronet.ro\/#\/schema\/logo\/image\/\"},\"sameAs\":[\"https:\/\/www.facebook.com\/culturahumor.ro\/\",\"https:\/\/www.youtube.com\/channel\/UCLJxDrTSePhKryOJXju3cYQ\"]}]}<\/script>\n<!-- \/ Yoast SEO plugin. -->","yoast_head_json":{"title":"[:ro]Impresii despre festival[:en]Testimonials[:] - Toamn\u0103 la Vorone\u021b","robots":{"index":"index","follow":"follow","max-snippet":"max-snippet:-1","max-image-preview":"max-image-preview:large","max-video-preview":"max-video-preview:-1"},"canonical":"https:\/\/www.toamnalavoronet.ro\/impresii-despre-festival\/","og_locale":"en_US","og_type":"article","og_title":"Impresii despre festival","og_description":"Descoper\u0103 ce spun personalit\u0103\u021bi marcante din lumea festivalului Umor la Gura Humorului","og_url":"https:\/\/www.toamnalavoronet.ro\/impresii-despre-festival\/","og_site_name":"Toamn\u0103 la Vorone\u021b","article_publisher":"https:\/\/www.facebook.com\/culturahumor.ro\/","article_modified_time":"2021-05-20T11:13:46+00:00","twitter_card":"summary_large_image","twitter_image":"https:\/\/www.toamnalavoronet.ro\/wp-content\/uploads\/2020\/09\/caseta_impresii.jpg","schema":{"@context":"https:\/\/schema.org","@graph":[{"@type":"WebPage","@id":"https:\/\/www.toamnalavoronet.ro\/impresii-despre-festival\/","url":"https:\/\/www.toamnalavoronet.ro\/impresii-despre-festival\/","name":"[:ro]Impresii despre festival[:en]Testimonials[:] - Toamn\u0103 la Vorone\u021b","isPartOf":{"@id":"https:\/\/www.toamnalavoronet.ro\/#website"},"datePublished":"2014-11-27T12:21:38+00:00","dateModified":"2021-05-20T11:13:46+00:00","breadcrumb":{"@id":"https:\/\/www.toamnalavoronet.ro\/impresii-despre-festival\/#breadcrumb"},"inLanguage":"en-US","potentialAction":[{"@type":"ReadAction","target":["https:\/\/www.toamnalavoronet.ro\/impresii-despre-festival\/"]}]},{"@type":"BreadcrumbList","@id":"https:\/\/www.toamnalavoronet.ro\/impresii-despre-festival\/#breadcrumb","itemListElement":[{"@type":"ListItem","position":1,"name":"Prima pagin\u0103","item":"https:\/\/www.toamnalavoronet.ro\/"},{"@type":"ListItem","position":2,"name":"Impresii despre festival"}]},{"@type":"WebSite","@id":"https:\/\/www.toamnalavoronet.ro\/#website","url":"https:\/\/www.toamnalavoronet.ro\/","name":"Toamn\u0103 la Vorone\u021b","description":"The  International  Film  Festival \u201cAutumn in Voronet\u201d","publisher":{"@id":"https:\/\/www.toamnalavoronet.ro\/#organization"},"potentialAction":[{"@type":"SearchAction","target":{"@type":"EntryPoint","urlTemplate":"https:\/\/www.toamnalavoronet.ro\/?s={search_term_string}"},"query-input":"required name=search_term_string"}],"inLanguage":"en-US"},{"@type":"Organization","@id":"https:\/\/www.toamnalavoronet.ro\/#organization","name":"Toamn\u0103 la Vorone\u021b - Festivalul Interna\u021bional de Film, Diaporam\u0103 \u0219i Fotografie","url":"https:\/\/www.toamnalavoronet.ro\/","logo":{"@type":"ImageObject","inLanguage":"en-US","@id":"https:\/\/www.toamnalavoronet.ro\/#\/schema\/logo\/image\/","url":"https:\/\/www.toamnalavoronet.ro\/wp-content\/uploads\/2020\/07\/icon.jpg","contentUrl":"https:\/\/www.toamnalavoronet.ro\/wp-content\/uploads\/2020\/07\/icon.jpg","width":100,"height":100,"caption":"Toamn\u0103 la Vorone\u021b - Festivalul Interna\u021bional de Film, Diaporam\u0103 \u0219i Fotografie"},"image":{"@id":"https:\/\/www.toamnalavoronet.ro\/#\/schema\/logo\/image\/"},"sameAs":["https:\/\/www.facebook.com\/culturahumor.ro\/","https:\/\/www.youtube.com\/channel\/UCLJxDrTSePhKryOJXju3cYQ"]}]}},"_links":{"self":[{"href":"https:\/\/www.toamnalavoronet.ro\/en\/wp-json\/wp\/v2\/pages\/7913"}],"collection":[{"href":"https:\/\/www.toamnalavoronet.ro\/en\/wp-json\/wp\/v2\/pages"}],"about":[{"href":"https:\/\/www.toamnalavoronet.ro\/en\/wp-json\/wp\/v2\/types\/page"}],"author":[{"embeddable":true,"href":"https:\/\/www.toamnalavoronet.ro\/en\/wp-json\/wp\/v2\/users\/2"}],"replies":[{"embeddable":true,"href":"https:\/\/www.toamnalavoronet.ro\/en\/wp-json\/wp\/v2\/comments?post=7913"}],"version-history":[{"count":9,"href":"https:\/\/www.toamnalavoronet.ro\/en\/wp-json\/wp\/v2\/pages\/7913\/revisions"}],"predecessor-version":[{"id":11582,"href":"https:\/\/www.toamnalavoronet.ro\/en\/wp-json\/wp\/v2\/pages\/7913\/revisions\/11582"}],"wp:featuredmedia":[{"embeddable":true,"href":"https:\/\/www.toamnalavoronet.ro\/en\/wp-json\/wp\/v2\/media\/9840"}],"wp:attachment":[{"href":"https:\/\/www.toamnalavoronet.ro\/en\/wp-json\/wp\/v2\/media?parent=7913"}],"curies":[{"name":"wp","href":"https:\/\/api.w.org\/{rel}","templated":true}]}}