{"id":9303,"date":"2020-07-08T20:50:43","date_gmt":"2020-07-08T20:50:43","guid":{"rendered":"http:\/\/www.umorlagurahumorului.ro\/?page_id=9303"},"modified":"2020-10-19T18:54:03","modified_gmt":"2020-10-19T18:54:03","slug":"despre-festival","status":"publish","type":"page","link":"https:\/\/www.toamnalavoronet.ro\/en\/despre-festival\/","title":{"rendered":"About Festival"},"content":{"rendered":"<div class=\"su-row\"><div class=\"su-column su-column-size-1-2\"><div class=\"su-column-inner su-u-clearfix su-u-trim\">\n<div class=\"su-service\"><div class=\"su-service-title\" style=\"padding-left:46px;min-height:32px;line-height:32px\"><i class=\"sui sui-align-left\" style=\"font-size:32px;color:#d7d7d7\"><\/i> PREZENTARE<\/div><div class=\"su-service-content su-u-clearfix su-u-trim\" style=\"padding-left:46px\"><\/div><\/div>\n<p style=\"text-align: justify;\">Festivalul \u201eToamn\u0103 la Vorone\u0163\u201d- festival de film documentar, diaporam\u0103 \u015fi fotografie \u2013 este unul dintre cele mai longevive manifest\u0103ri de gen din Rom\u00e2nia.<\/p>\n<p style=\"text-align: justify;\">Fondat \u00een anii \u02ca80 de so\u021bii Emil Butnaru \u0219i Marcela Butnaru, pionerii diaporamei care o utilizeaz\u0103 pentru prima dat\u0103 \u00een anul 1978 din dorin\u021ba de a conserva \u0219i ar\u0103ta lumii frumuse\u021bea Bucovinei, prin proiec\u021bia de diapozitive. \u00cen \u021bar\u0103 \u0219i \u00een lume, diaporama avea deja tradi\u021bie \u0219i festivaluri. Odat\u0103 cu prima participare la un festival desf\u0103\u0219urat la B\u0103ile Herculane, membrii fotoclubului \u201eGuhudia\u201d \u00eencep s\u0103 schi\u021beze premisele unui festival la Gura Humorului.<\/p>\n<p><img decoding=\"async\" loading=\"lazy\" class=\"aligncenter size-full wp-image-11009\" src=\"http:\/\/www.toamnalavoronet.ro\/wp-content\/uploads\/2020\/09\/despre_toamna_1.jpg\" alt=\"\" width=\"670\" height=\"213\" srcset=\"https:\/\/www.toamnalavoronet.ro\/wp-content\/uploads\/2020\/09\/despre_toamna_1.jpg 670w, https:\/\/www.toamnalavoronet.ro\/wp-content\/uploads\/2020\/09\/despre_toamna_1-300x95.jpg 300w, https:\/\/www.toamnalavoronet.ro\/wp-content\/uploads\/2020\/09\/despre_toamna_1-400x127.jpg 400w\" sizes=\"(max-width: 670px) 100vw, 670px\" \/><\/p>\n<p style=\"text-align: justify;\">Ferdinand Michitovici avea deja documentarul Toamn\u0103 la Vorone\u021b, titlul festivalului este adoptat \u0219i \u00een anul 1980 are loc prima edi\u021bie. De-a lungul acestui festival, importante personalit\u0103\u021bi din lumea filmului \u0219i fotografiei au participat an de an \u0219i iat\u0103-ne ast\u0103zi ajun\u0219i la edi\u021bia 40.<\/p>\n<p style=\"text-align: justify;\">Festivalul \u00ee\u015fi propune s\u0103 promoveze creativitatea \u015fcolilor de film, competen\u0163a \u015fi profesionalismul \u00een acest domeniu, precum \u015fi contactele dintre genera\u0163iile de cinea\u015fti, \u00eencuraj\u00e2nd tinerii realizatori de film.<\/p>\n<p><img decoding=\"async\" loading=\"lazy\" class=\"aligncenter size-full wp-image-11010\" src=\"http:\/\/www.toamnalavoronet.ro\/wp-content\/uploads\/2020\/09\/despre_toamna_2.jpg\" alt=\"\" width=\"670\" height=\"213\" srcset=\"https:\/\/www.toamnalavoronet.ro\/wp-content\/uploads\/2020\/09\/despre_toamna_2.jpg 670w, https:\/\/www.toamnalavoronet.ro\/wp-content\/uploads\/2020\/09\/despre_toamna_2-300x95.jpg 300w, https:\/\/www.toamnalavoronet.ro\/wp-content\/uploads\/2020\/09\/despre_toamna_2-400x127.jpg 400w\" sizes=\"(max-width: 670px) 100vw, 670px\" \/><\/p>\n<\/div><\/div>\n<div class=\"su-column su-column-size-1-2\"><div class=\"su-column-inner su-u-clearfix su-u-trim\">\n<div class=\"su-service\"><div class=\"su-service-title\" style=\"padding-left:46px;min-height:32px;line-height:32px\"><i class=\"sui sui-th-list\" style=\"font-size:32px;color:#d7d7d7\"><\/i> SEC\u0162IUNILE FESTIVALULUI<\/div><div class=\"su-service-content su-u-clearfix su-u-trim\" style=\"padding-left:46px\"><\/div><\/div>\n<p style=\"text-align: justify;\">Programul Festivalului cuprinde patru sec\u0163iuni \u00een competi\u0163ia oficial\u0103:<\/p>\n<ul style=\"text-align: justify;\">\n<li><strong>Sec\u0163iunea film documentar<\/strong> \u2013 scurt \u015fi mediu metraj (durat\u0103 maxim\u0103 de 40 minute)<\/li>\n<li><strong>Sec\u0163iunea film studen\u0163esc<\/strong> \u2013 scurt \u015fi mediu metraj (documentar, fic\u021biune, experiment etc) (durat\u0103 maxim\u0103 de 40 minute)<\/li>\n<li><strong>Sec\u021biunea film turistic<\/strong> \u2013 scurt \u015fi mediu metraj (durat\u0103 maxim\u0103 de 40 minute)<\/li>\n<li><strong>Sec\u0163iunea digiporam\u0103<\/strong> \u2013 durat\u0103 maxim\u0103 de 5 minute<\/li>\n<\/ul>\n<p style=\"text-align: justify;\">\u00cen cadrul Festivalului, \u00een afara competi\u0163iei oficiale, vor fi organizate \u015fi alte evenimente precum: proiec\u0163ii \u00een avanpremier\u0103 a unor filme artistice de lung metraj, portrete ale unor cunoscu\u021bi cinea\u0219ti rom\u00e2ni, prezentarea unor filme de patrimoniu din arhiva na\u021bional\u0103, caravan\u0103 de promovare a filmului rom\u00e2nesc, workshop-uri, expozi\u0163ii de arte vizuale, lans\u0103ri de carte, conferin\u0163e, concerte, etc.<\/p>\n<div class=\"su-spacer\" style=\"height:20px\"><\/div>\n<div class=\"su-service\"><div class=\"su-service-title\" style=\"padding-left:46px;min-height:32px;line-height:32px\"><i class=\"sui sui-community\" style=\"font-size:32px;color:#d7d7d7\"><\/i> JURIUL FESTIVALULUI<\/div><div class=\"su-service-content su-u-clearfix su-u-trim\" style=\"padding-left:46px\"><\/div><\/div>\n<ul>\n<li style=\"text-align: justify;\">Organizatorii vor nominaliza un juriu format din personalit\u0103\u0163i ale artei filmului (scenari\u015fti, regizori, critici, creatori de imagine etc.) pentru preselec\u0163ia filmelor \u00eenscrise \u00een Festival.<\/li>\n<li style=\"text-align: justify;\">Organizatorii vor nominaliza un juriu format din personalit\u0103\u0163i ale artei filmului (scenari\u015fti, regizori, critici, creatori de imagine etc.) care vor nominaliza filmele premiate.<\/li>\n<li style=\"text-align: justify;\">Juriul are latitudinea acord\u0103rii, neacord\u0103rii sau redistribuirii premiilor.<\/li>\n<li style=\"text-align: justify;\">Juriul are latitudinea de a stabili \u015fi filmele ce pot fi premiate de eventualii sponsori, asocia\u0163ii, reprezentan\u021bi mass-media, institu\u0163ii, societ\u0103\u0163i comerciale, persoane private etc., de comun acord cu ace\u015ftia.<\/li>\n<li style=\"text-align: justify;\">Participarea la festival implic\u0103 acceptarea condi\u021biilor enun\u0163ate mai sus. In cazul unor litigii, ele vor fi solu\u0163ionate \u00een conformitate cu legisla\u0163ia rom\u00e2n\u0103.<\/li>\n<li style=\"text-align: justify;\">Organizatorul festivalului \u00ee\u015fi rezerv\u0103 dreptul de a invoca for\u0163a major\u0103 a\u015fa cum este ea definit\u0103 \u00een legisla\u0163ia rom\u00e2n\u0103.<\/li>\n<\/ul>\n<\/div><\/div><\/div>\n","protected":false},"excerpt":{"rendered":"","protected":false},"author":2,"featured_media":0,"parent":0,"menu_order":0,"comment_status":"closed","ping_status":"closed","template":"page-templates\/full-width.php","meta":{"ngg_post_thumbnail":0},"yoast_head":"<!-- This site is optimized with the Yoast SEO plugin v21.3 - https:\/\/yoast.com\/wordpress\/plugins\/seo\/ -->\n<title>About Festival - Toamn\u0103 la Vorone\u021b<\/title>\n<meta name=\"robots\" content=\"index, follow, max-snippet:-1, max-image-preview:large, max-video-preview:-1\" \/>\n<link rel=\"canonical\" href=\"https:\/\/www.toamnalavoronet.ro\/despre-festival\/\" \/>\n<meta property=\"og:locale\" content=\"en_US\" \/>\n<meta property=\"og:type\" content=\"article\" \/>\n<meta property=\"og:title\" content=\"[:ro]Despre festival[:en]About Festival[:] - Toamn\u0103 la Vorone\u021b\" \/>\n<meta property=\"og:url\" content=\"https:\/\/www.toamnalavoronet.ro\/despre-festival\/\" \/>\n<meta property=\"og:site_name\" content=\"Toamn\u0103 la Vorone\u021b\" \/>\n<meta property=\"article:publisher\" content=\"https:\/\/www.facebook.com\/culturahumor.ro\/\" \/>\n<meta property=\"article:modified_time\" content=\"2020-10-19T18:54:03+00:00\" \/>\n<meta property=\"og:image\" content=\"http:\/\/www.toamnalavoronet.ro\/wp-content\/uploads\/2020\/09\/despre_toamna_1.jpg\" \/>\n<meta name=\"twitter:card\" content=\"summary_large_image\" \/>\n<meta name=\"twitter:label1\" content=\"Est. reading time\" \/>\n\t<meta name=\"twitter:data1\" content=\"3 minutes\" \/>\n<script type=\"application\/ld+json\" class=\"yoast-schema-graph\">{\"@context\":\"https:\/\/schema.org\",\"@graph\":[{\"@type\":\"WebPage\",\"@id\":\"https:\/\/www.toamnalavoronet.ro\/despre-festival\/\",\"url\":\"https:\/\/www.toamnalavoronet.ro\/despre-festival\/\",\"name\":\"[:ro]Despre festival[:en]About Festival[:] - Toamn\u0103 la Vorone\u021b\",\"isPartOf\":{\"@id\":\"https:\/\/www.toamnalavoronet.ro\/#website\"},\"datePublished\":\"2020-07-08T20:50:43+00:00\",\"dateModified\":\"2020-10-19T18:54:03+00:00\",\"breadcrumb\":{\"@id\":\"https:\/\/www.toamnalavoronet.ro\/despre-festival\/#breadcrumb\"},\"inLanguage\":\"en-US\",\"potentialAction\":[{\"@type\":\"ReadAction\",\"target\":[\"https:\/\/www.toamnalavoronet.ro\/despre-festival\/\"]}]},{\"@type\":\"BreadcrumbList\",\"@id\":\"https:\/\/www.toamnalavoronet.ro\/despre-festival\/#breadcrumb\",\"itemListElement\":[{\"@type\":\"ListItem\",\"position\":1,\"name\":\"Prima pagin\u0103\",\"item\":\"https:\/\/www.toamnalavoronet.ro\/\"},{\"@type\":\"ListItem\",\"position\":2,\"name\":\"Despre festival\"}]},{\"@type\":\"WebSite\",\"@id\":\"https:\/\/www.toamnalavoronet.ro\/#website\",\"url\":\"https:\/\/www.toamnalavoronet.ro\/\",\"name\":\"Toamn\u0103 la Vorone\u021b\",\"description\":\"The  International  Film  Festival \u201cAutumn in Voronet\u201d\",\"publisher\":{\"@id\":\"https:\/\/www.toamnalavoronet.ro\/#organization\"},\"potentialAction\":[{\"@type\":\"SearchAction\",\"target\":{\"@type\":\"EntryPoint\",\"urlTemplate\":\"https:\/\/www.toamnalavoronet.ro\/?s={search_term_string}\"},\"query-input\":\"required name=search_term_string\"}],\"inLanguage\":\"en-US\"},{\"@type\":\"Organization\",\"@id\":\"https:\/\/www.toamnalavoronet.ro\/#organization\",\"name\":\"Toamn\u0103 la Vorone\u021b - Festivalul Interna\u021bional de Film, Diaporam\u0103 \u0219i Fotografie\",\"url\":\"https:\/\/www.toamnalavoronet.ro\/\",\"logo\":{\"@type\":\"ImageObject\",\"inLanguage\":\"en-US\",\"@id\":\"https:\/\/www.toamnalavoronet.ro\/#\/schema\/logo\/image\/\",\"url\":\"https:\/\/www.toamnalavoronet.ro\/wp-content\/uploads\/2020\/07\/icon.jpg\",\"contentUrl\":\"https:\/\/www.toamnalavoronet.ro\/wp-content\/uploads\/2020\/07\/icon.jpg\",\"width\":100,\"height\":100,\"caption\":\"Toamn\u0103 la Vorone\u021b - Festivalul Interna\u021bional de Film, Diaporam\u0103 \u0219i Fotografie\"},\"image\":{\"@id\":\"https:\/\/www.toamnalavoronet.ro\/#\/schema\/logo\/image\/\"},\"sameAs\":[\"https:\/\/www.facebook.com\/culturahumor.ro\/\",\"https:\/\/www.youtube.com\/channel\/UCLJxDrTSePhKryOJXju3cYQ\"]}]}<\/script>\n<!-- \/ Yoast SEO plugin. -->","yoast_head_json":{"title":"[:ro]Despre festival[:en]About Festival[:] - Toamn\u0103 la Vorone\u021b","robots":{"index":"index","follow":"follow","max-snippet":"max-snippet:-1","max-image-preview":"max-image-preview:large","max-video-preview":"max-video-preview:-1"},"canonical":"https:\/\/www.toamnalavoronet.ro\/despre-festival\/","og_locale":"en_US","og_type":"article","og_title":"[:ro]Despre festival[:en]About Festival[:] - Toamn\u0103 la Vorone\u021b","og_url":"https:\/\/www.toamnalavoronet.ro\/despre-festival\/","og_site_name":"Toamn\u0103 la Vorone\u021b","article_publisher":"https:\/\/www.facebook.com\/culturahumor.ro\/","article_modified_time":"2020-10-19T18:54:03+00:00","og_image":[{"url":"http:\/\/www.toamnalavoronet.ro\/wp-content\/uploads\/2020\/09\/despre_toamna_1.jpg"}],"twitter_card":"summary_large_image","twitter_misc":{"Est. reading time":"3 minutes"},"schema":{"@context":"https:\/\/schema.org","@graph":[{"@type":"WebPage","@id":"https:\/\/www.toamnalavoronet.ro\/despre-festival\/","url":"https:\/\/www.toamnalavoronet.ro\/despre-festival\/","name":"[:ro]Despre festival[:en]About Festival[:] - Toamn\u0103 la Vorone\u021b","isPartOf":{"@id":"https:\/\/www.toamnalavoronet.ro\/#website"},"datePublished":"2020-07-08T20:50:43+00:00","dateModified":"2020-10-19T18:54:03+00:00","breadcrumb":{"@id":"https:\/\/www.toamnalavoronet.ro\/despre-festival\/#breadcrumb"},"inLanguage":"en-US","potentialAction":[{"@type":"ReadAction","target":["https:\/\/www.toamnalavoronet.ro\/despre-festival\/"]}]},{"@type":"BreadcrumbList","@id":"https:\/\/www.toamnalavoronet.ro\/despre-festival\/#breadcrumb","itemListElement":[{"@type":"ListItem","position":1,"name":"Prima pagin\u0103","item":"https:\/\/www.toamnalavoronet.ro\/"},{"@type":"ListItem","position":2,"name":"Despre festival"}]},{"@type":"WebSite","@id":"https:\/\/www.toamnalavoronet.ro\/#website","url":"https:\/\/www.toamnalavoronet.ro\/","name":"Toamn\u0103 la Vorone\u021b","description":"The  International  Film  Festival \u201cAutumn in Voronet\u201d","publisher":{"@id":"https:\/\/www.toamnalavoronet.ro\/#organization"},"potentialAction":[{"@type":"SearchAction","target":{"@type":"EntryPoint","urlTemplate":"https:\/\/www.toamnalavoronet.ro\/?s={search_term_string}"},"query-input":"required name=search_term_string"}],"inLanguage":"en-US"},{"@type":"Organization","@id":"https:\/\/www.toamnalavoronet.ro\/#organization","name":"Toamn\u0103 la Vorone\u021b - Festivalul Interna\u021bional de Film, Diaporam\u0103 \u0219i Fotografie","url":"https:\/\/www.toamnalavoronet.ro\/","logo":{"@type":"ImageObject","inLanguage":"en-US","@id":"https:\/\/www.toamnalavoronet.ro\/#\/schema\/logo\/image\/","url":"https:\/\/www.toamnalavoronet.ro\/wp-content\/uploads\/2020\/07\/icon.jpg","contentUrl":"https:\/\/www.toamnalavoronet.ro\/wp-content\/uploads\/2020\/07\/icon.jpg","width":100,"height":100,"caption":"Toamn\u0103 la Vorone\u021b - Festivalul Interna\u021bional de Film, Diaporam\u0103 \u0219i Fotografie"},"image":{"@id":"https:\/\/www.toamnalavoronet.ro\/#\/schema\/logo\/image\/"},"sameAs":["https:\/\/www.facebook.com\/culturahumor.ro\/","https:\/\/www.youtube.com\/channel\/UCLJxDrTSePhKryOJXju3cYQ"]}]}},"_links":{"self":[{"href":"https:\/\/www.toamnalavoronet.ro\/en\/wp-json\/wp\/v2\/pages\/9303"}],"collection":[{"href":"https:\/\/www.toamnalavoronet.ro\/en\/wp-json\/wp\/v2\/pages"}],"about":[{"href":"https:\/\/www.toamnalavoronet.ro\/en\/wp-json\/wp\/v2\/types\/page"}],"author":[{"embeddable":true,"href":"https:\/\/www.toamnalavoronet.ro\/en\/wp-json\/wp\/v2\/users\/2"}],"replies":[{"embeddable":true,"href":"https:\/\/www.toamnalavoronet.ro\/en\/wp-json\/wp\/v2\/comments?post=9303"}],"version-history":[{"count":11,"href":"https:\/\/www.toamnalavoronet.ro\/en\/wp-json\/wp\/v2\/pages\/9303\/revisions"}],"predecessor-version":[{"id":11036,"href":"https:\/\/www.toamnalavoronet.ro\/en\/wp-json\/wp\/v2\/pages\/9303\/revisions\/11036"}],"wp:attachment":[{"href":"https:\/\/www.toamnalavoronet.ro\/en\/wp-json\/wp\/v2\/media?parent=9303"}],"curies":[{"name":"wp","href":"https:\/\/api.w.org\/{rel}","templated":true}]}}